{"id":363,"date":"2013-10-28T13:44:18","date_gmt":"2013-10-28T13:44:18","guid":{"rendered":"http:\/\/edelstahl.menschen-mit-zukunft.at\/?page_id=363"},"modified":"2013-10-28T13:48:02","modified_gmt":"2013-10-28T13:48:02","slug":"aussengelaender-mit-senkrechten-staeben-2","status":"publish","type":"page","link":"https:\/\/edelstahl.menschen-mit-zukunft.at\/home\/gelaender\/aussengelaender\/aussengelaender-mit-senkrechten-staeben-2\/","title":{"rendered":"Au\u00dfengel\u00e4nder mit senkrechten St\u00e4ben"},"content":{"rendered":"\n\t\t<style type=\"text\/css\">\n\t\t\t#gallery-1 {\n\t\t\t\tmargin: auto;\n\t\t\t}\n\t\t\t#gallery-1 .gallery-item {\n\t\t\t\tfloat: left;\n\t\t\t\tmargin-top: 10px;\n\t\t\t\ttext-align: center;\n\t\t\t\twidth: 33%;\n\t\t\t}\n\t\t\t#gallery-1 img {\n\t\t\t\tborder: 2px solid #cfcfcf;\n\t\t\t}\n\t\t\t#gallery-1 .gallery-caption {\n\t\t\t\tmargin-left: 0;\n\t\t\t}\n\t\t\t\/* see gallery_shortcode() in wp-includes\/media.php *\/\n\t\t<\/style>\n\t\t<div id='gallery-1' class='gallery galleryid-363 gallery-columns-3 gallery-size-thumbnail'><dl class='gallery-item'>\n\t\t\t<dt class='gallery-icon landscape'>\n\t\t\t\t<a href='https:\/\/edelstahl.menschen-mit-zukunft.at\/wp-content\/uploads\/2013\/10\/ass_aussengelaender_mit_senkrechten_staeben13.jpg' rel=\"lightbox[363]\"><img loading=\"lazy\" decoding=\"async\" width=\"150\" height=\"150\" src=\"https:\/\/edelstahl.menschen-mit-zukunft.at\/wp-content\/uploads\/2013\/10\/ass_aussengelaender_mit_senkrechten_staeben13-150x150.jpg\" class=\"attachment-thumbnail size-thumbnail\" alt=\"\" aria-describedby=\"gallery-1-283\" \/><\/a>\n\t\t\t<\/dt>\n\t\t\t\t<dd class='wp-caption-text gallery-caption' id='gallery-1-283'>\n\t\t\t\tAu\u00dfengel\u00e4nder mit senkrechten St\u00e4ben Bild 1\n\t\t\t\t<\/dd><\/dl><dl class='gallery-item'>\n\t\t\t<dt class='gallery-icon landscape'>\n\t\t\t\t<a href='https:\/\/edelstahl.menschen-mit-zukunft.at\/wp-content\/uploads\/2013\/10\/ass_aussengelaender_mit_senkrechten_staeben11.jpg' rel=\"lightbox[363]\"><img loading=\"lazy\" decoding=\"async\" width=\"150\" height=\"150\" src=\"https:\/\/edelstahl.menschen-mit-zukunft.at\/wp-content\/uploads\/2013\/10\/ass_aussengelaender_mit_senkrechten_staeben11-150x150.jpg\" class=\"attachment-thumbnail size-thumbnail\" alt=\"\" aria-describedby=\"gallery-1-281\" \/><\/a>\n\t\t\t<\/dt>\n\t\t\t\t<dd class='wp-caption-text gallery-caption' id='gallery-1-281'>\n\t\t\t\tAu\u00dfengel\u00e4nder mit senkrechten St\u00e4ben Bild 2\n\t\t\t\t<\/dd><\/dl><dl class='gallery-item'>\n\t\t\t<dt class='gallery-icon landscape'>\n\t\t\t\t<a href='https:\/\/edelstahl.menschen-mit-zukunft.at\/wp-content\/uploads\/2013\/10\/ass_aussengelaender_mit_senkrechten_staeben10.jpg' rel=\"lightbox[363]\"><img loading=\"lazy\" decoding=\"async\" width=\"150\" height=\"150\" src=\"https:\/\/edelstahl.menschen-mit-zukunft.at\/wp-content\/uploads\/2013\/10\/ass_aussengelaender_mit_senkrechten_staeben10-150x150.jpg\" class=\"attachment-thumbnail size-thumbnail\" alt=\"\" aria-describedby=\"gallery-1-280\" \/><\/a>\n\t\t\t<\/dt>\n\t\t\t\t<dd class='wp-caption-text gallery-caption' id='gallery-1-280'>\n\t\t\t\tAu\u00dfengel\u00e4nder mit senkrechten St\u00e4ben Bild 3\n\t\t\t\t<\/dd><\/dl><br style=\"clear: both\" \/><dl class='gallery-item'>\n\t\t\t<dt class='gallery-icon landscape'>\n\t\t\t\t<a href='https:\/\/edelstahl.menschen-mit-zukunft.at\/wp-content\/uploads\/2013\/10\/ass_aussengelaender_mit_senkrechten_staeben9.jpg' rel=\"lightbox[363]\"><img loading=\"lazy\" decoding=\"async\" width=\"150\" height=\"150\" src=\"https:\/\/edelstahl.menschen-mit-zukunft.at\/wp-content\/uploads\/2013\/10\/ass_aussengelaender_mit_senkrechten_staeben9-150x150.jpg\" class=\"attachment-thumbnail size-thumbnail\" alt=\"\" aria-describedby=\"gallery-1-279\" \/><\/a>\n\t\t\t<\/dt>\n\t\t\t\t<dd class='wp-caption-text gallery-caption' id='gallery-1-279'>\n\t\t\t\tAu\u00dfengel\u00e4nder mit senkrechten St\u00e4ben Bild 4\n\t\t\t\t<\/dd><\/dl><dl class='gallery-item'>\n\t\t\t<dt class='gallery-icon landscape'>\n\t\t\t\t<a href='https:\/\/edelstahl.menschen-mit-zukunft.at\/wp-content\/uploads\/2013\/10\/ass_aussengelaender_mit_senkrechten_staeben8.jpg' rel=\"lightbox[363]\"><img loading=\"lazy\" decoding=\"async\" width=\"150\" height=\"150\" src=\"https:\/\/edelstahl.menschen-mit-zukunft.at\/wp-content\/uploads\/2013\/10\/ass_aussengelaender_mit_senkrechten_staeben8-150x150.jpg\" class=\"attachment-thumbnail size-thumbnail\" alt=\"\" aria-describedby=\"gallery-1-278\" \/><\/a>\n\t\t\t<\/dt>\n\t\t\t\t<dd class='wp-caption-text gallery-caption' id='gallery-1-278'>\n\t\t\t\tAu\u00dfengel\u00e4nder mit senkrechten St\u00e4ben Bild 5\n\t\t\t\t<\/dd><\/dl><dl class='gallery-item'>\n\t\t\t<dt class='gallery-icon landscape'>\n\t\t\t\t<a href='https:\/\/edelstahl.menschen-mit-zukunft.at\/wp-content\/uploads\/2013\/10\/ass_aussengelaender_mit_senkrechten_staeben7.jpg' rel=\"lightbox[363]\"><img loading=\"lazy\" decoding=\"async\" width=\"150\" height=\"150\" src=\"https:\/\/edelstahl.menschen-mit-zukunft.at\/wp-content\/uploads\/2013\/10\/ass_aussengelaender_mit_senkrechten_staeben7-150x150.jpg\" class=\"attachment-thumbnail size-thumbnail\" alt=\"\" aria-describedby=\"gallery-1-277\" \/><\/a>\n\t\t\t<\/dt>\n\t\t\t\t<dd class='wp-caption-text gallery-caption' id='gallery-1-277'>\n\t\t\t\tAu\u00dfengel\u00e4nder mit senkrechten St\u00e4ben Bild 6\n\t\t\t\t<\/dd><\/dl><br style=\"clear: both\" \/><dl class='gallery-item'>\n\t\t\t<dt class='gallery-icon landscape'>\n\t\t\t\t<a href='https:\/\/edelstahl.menschen-mit-zukunft.at\/wp-content\/uploads\/2013\/10\/ass_aussengelaender_mit_senkrechten_staeben6.jpg' rel=\"lightbox[363]\"><img loading=\"lazy\" decoding=\"async\" width=\"150\" height=\"150\" src=\"https:\/\/edelstahl.menschen-mit-zukunft.at\/wp-content\/uploads\/2013\/10\/ass_aussengelaender_mit_senkrechten_staeben6-150x150.jpg\" class=\"attachment-thumbnail size-thumbnail\" alt=\"\" aria-describedby=\"gallery-1-276\" \/><\/a>\n\t\t\t<\/dt>\n\t\t\t\t<dd class='wp-caption-text gallery-caption' id='gallery-1-276'>\n\t\t\t\tAu\u00dfengel\u00e4nder mit senkrechten St\u00e4ben Bild 7\n\t\t\t\t<\/dd><\/dl><dl class='gallery-item'>\n\t\t\t<dt class='gallery-icon portrait'>\n\t\t\t\t<a href='https:\/\/edelstahl.menschen-mit-zukunft.at\/wp-content\/uploads\/2013\/10\/ass_aussengelaender_mit_senkrechten_staeben5.jpg' rel=\"lightbox[363]\"><img loading=\"lazy\" decoding=\"async\" width=\"150\" height=\"150\" src=\"https:\/\/edelstahl.menschen-mit-zukunft.at\/wp-content\/uploads\/2013\/10\/ass_aussengelaender_mit_senkrechten_staeben5-150x150.jpg\" class=\"attachment-thumbnail size-thumbnail\" alt=\"\" aria-describedby=\"gallery-1-275\" \/><\/a>\n\t\t\t<\/dt>\n\t\t\t\t<dd class='wp-caption-text gallery-caption' id='gallery-1-275'>\n\t\t\t\tAu\u00dfengel\u00e4nder mit senkrechten St\u00e4ben Bild 8\n\t\t\t\t<\/dd><\/dl><dl class='gallery-item'>\n\t\t\t<dt class='gallery-icon landscape'>\n\t\t\t\t<a href='https:\/\/edelstahl.menschen-mit-zukunft.at\/wp-content\/uploads\/2013\/10\/ass_aussengelaender_mit_senkrechten_staeben4.jpg' rel=\"lightbox[363]\"><img loading=\"lazy\" decoding=\"async\" width=\"150\" height=\"150\" src=\"https:\/\/edelstahl.menschen-mit-zukunft.at\/wp-content\/uploads\/2013\/10\/ass_aussengelaender_mit_senkrechten_staeben4-150x150.jpg\" class=\"attachment-thumbnail size-thumbnail\" alt=\"\" aria-describedby=\"gallery-1-274\" \/><\/a>\n\t\t\t<\/dt>\n\t\t\t\t<dd class='wp-caption-text gallery-caption' id='gallery-1-274'>\n\t\t\t\tAu\u00dfengel\u00e4nder mit senkrechten St\u00e4ben Bild 9\n\t\t\t\t<\/dd><\/dl><br style=\"clear: both\" \/><dl class='gallery-item'>\n\t\t\t<dt class='gallery-icon landscape'>\n\t\t\t\t<a href='https:\/\/edelstahl.menschen-mit-zukunft.at\/wp-content\/uploads\/2013\/10\/ass_aussengelaender_mit_senkrechten_staeben2.jpg' rel=\"lightbox[363]\"><img loading=\"lazy\" decoding=\"async\" width=\"150\" height=\"150\" src=\"https:\/\/edelstahl.menschen-mit-zukunft.at\/wp-content\/uploads\/2013\/10\/ass_aussengelaender_mit_senkrechten_staeben2-150x150.jpg\" class=\"attachment-thumbnail size-thumbnail\" alt=\"\" aria-describedby=\"gallery-1-272\" \/><\/a>\n\t\t\t<\/dt>\n\t\t\t\t<dd class='wp-caption-text gallery-caption' id='gallery-1-272'>\n\t\t\t\tAu\u00dfengel\u00e4nder mit senkrechten St\u00e4ben Bild 10\n\t\t\t\t<\/dd><\/dl><dl class='gallery-item'>\n\t\t\t<dt class='gallery-icon portrait'>\n\t\t\t\t<a href='https:\/\/edelstahl.menschen-mit-zukunft.at\/wp-content\/uploads\/2013\/10\/ass_aussengelaender_mit_senkrechten_staeben1.jpg' rel=\"lightbox[363]\"><img loading=\"lazy\" decoding=\"async\" width=\"150\" height=\"150\" src=\"https:\/\/edelstahl.menschen-mit-zukunft.at\/wp-content\/uploads\/2013\/10\/ass_aussengelaender_mit_senkrechten_staeben1-150x150.jpg\" class=\"attachment-thumbnail size-thumbnail\" alt=\"\" aria-describedby=\"gallery-1-271\" \/><\/a>\n\t\t\t<\/dt>\n\t\t\t\t<dd class='wp-caption-text gallery-caption' id='gallery-1-271'>\n\t\t\t\tAu\u00dfengel\u00e4nder mit senkrechten St\u00e4ben Bild 11\n\t\t\t\t<\/dd><\/dl>\n\t\t\t<br style='clear: both' \/>\n\t\t<\/div>\n\n","protected":false},"excerpt":{"rendered":"","protected":false},"author":1,"featured_media":0,"parent":10,"menu_order":0,"comment_status":"open","ping_status":"open","template":"","meta":{"footnotes":""},"class_list":["post-363","page","type-page","status-publish","hentry"],"aioseo_notices":[],"_links":{"self":[{"href":"https:\/\/edelstahl.menschen-mit-zukunft.at\/home\/wp-json\/wp\/v2\/pages\/363","targetHints":{"allow":["GET"]}}],"collection":[{"href":"https:\/\/edelstahl.menschen-mit-zukunft.at\/home\/wp-json\/wp\/v2\/pages"}],"about":[{"href":"https:\/\/edelstahl.menschen-mit-zukunft.at\/home\/wp-json\/wp\/v2\/types\/page"}],"author":[{"embeddable":true,"href":"https:\/\/edelstahl.menschen-mit-zukunft.at\/home\/wp-json\/wp\/v2\/users\/1"}],"replies":[{"embeddable":true,"href":"https:\/\/edelstahl.menschen-mit-zukunft.at\/home\/wp-json\/wp\/v2\/comments?post=363"}],"version-history":[{"count":3,"href":"https:\/\/edelstahl.menschen-mit-zukunft.at\/home\/wp-json\/wp\/v2\/pages\/363\/revisions"}],"predecessor-version":[{"id":367,"href":"https:\/\/edelstahl.menschen-mit-zukunft.at\/home\/wp-json\/wp\/v2\/pages\/363\/revisions\/367"}],"up":[{"embeddable":true,"href":"https:\/\/edelstahl.menschen-mit-zukunft.at\/home\/wp-json\/wp\/v2\/pages\/10"}],"wp:attachment":[{"href":"https:\/\/edelstahl.menschen-mit-zukunft.at\/home\/wp-json\/wp\/v2\/media?parent=363"}],"curies":[{"name":"wp","href":"https:\/\/api.w.org\/{rel}","templated":true}]}}